{"id":2605,"date":"2020-05-07T17:16:03","date_gmt":"2020-05-07T17:46:29","guid":{"rendered":"http:\/\/labarretina.es\/es\/?post_type=product&#038;p=2605"},"modified":"2020-05-07T17:46:29","modified_gmt":"2020-05-07T17:46:29","slug":"brut-reserva-blue-festival","status":"publish","type":"product","link":"https:\/\/labarretina.es\/es\/producto\/vinos-y-cavas\/brut-reserva-blue-festival\/","title":{"rendered":"BRUT RESERVA BLUE FESTIVAL"},"content":{"rendered":"","protected":false},"excerpt":{"rendered":"<p>Nota de cata Presenta un color amarillo p\u00e1lido. Buen desprendimiento de burbuja. Los meses de crianza han desarrollado su fino aroma manteniendo unos ligeros matices afrutados. Su buena estructura, elegancia y amplitud sensorial le confieren una inconfundible personalidad. An\u00e1lisis Graduaci\u00f3n: 11,50% Vol. SO2 libre: 24 mg\/l. SO2 total: 95 mg\/l. Acidez total: 4,00 g\/l (a.s.). Acidez vol\u00e1til: 0,18 g\/l (a.a.). Az\u00facar residual: 8 g\/l Elaboraci\u00f3n Blanco D.O. Cava, elaborado en virgen y bajo fermentaci\u00f3n controlada. Denominaci\u00f3n de origen D.O CavaCrianza La segunda fermentaci\u00f3n se realiza en botella, por el m\u00e9todo tradicional. Permanece en cava unos quince meses, antes del deg\u00fcelle. Tipo de botella Cava, Anti V., 75 cl. Variedad de la uva Xarel\u00b7lo (45%), Macabeu (30%), Parellada (25%)<\/p>\n","protected":false},"featured_media":2650,"template":"","meta":[],"product_cat":[167],"product_tag":[],"_links":{"self":[{"href":"https:\/\/labarretina.es\/es\/wp-json\/wp\/v2\/product\/2605"}],"collection":[{"href":"https:\/\/labarretina.es\/es\/wp-json\/wp\/v2\/product"}],"about":[{"href":"https:\/\/labarretina.es\/es\/wp-json\/wp\/v2\/types\/product"}],"wp:featuredmedia":[{"embeddable":true,"href":"https:\/\/labarretina.es\/es\/wp-json\/wp\/v2\/media\/2650"}],"wp:attachment":[{"href":"https:\/\/labarretina.es\/es\/wp-json\/wp\/v2\/media?parent=2605"}],"wp:term":[{"taxonomy":"product_cat","embeddable":true,"href":"https:\/\/labarretina.es\/es\/wp-json\/wp\/v2\/product_cat?post=2605"},{"taxonomy":"product_tag","embeddable":true,"href":"https:\/\/labarretina.es\/es\/wp-json\/wp\/v2\/product_tag?post=2605"}],"curies":[{"name":"wp","href":"https:\/\/api.w.org\/{rel}","templated":true}]}}